{"id":571,"date":"2023-12-19T01:14:44","date_gmt":"2023-12-19T01:14:44","guid":{"rendered":"https:\/\/tejascristal.com.co\/?post_type=product&#038;p=571"},"modified":"2026-04-22T16:09:27","modified_gmt":"2026-04-22T16:09:27","slug":"teja-plastica-p7","status":"publish","type":"product","link":"https:\/\/tejascristal.com.co\/index.php\/producto\/teja-plastica-p7\/","title":{"rendered":"Teja pl\u00e1stica P7"},"content":{"rendered":"\t\t<div data-elementor-type=\"wp-post\" data-elementor-id=\"571\" class=\"elementor elementor-571\">\n\t\t\t\t<div class=\"elementor-element elementor-element-2b02d5e0 e-flex e-con-boxed e-con e-parent\" data-id=\"2b02d5e0\" data-element_type=\"container\" data-e-type=\"container\">\n\t\t\t\t\t<div class=\"e-con-inner\">\n\t\t\t\t<div class=\"elementor-element elementor-element-57eebac9 elementor-widget elementor-widget-text-editor\" data-id=\"57eebac9\" data-element_type=\"widget\" data-e-type=\"widget\" data-widget_type=\"text-editor.default\">\n\t\t\t\t<div class=\"elementor-widget-container\">\n\t\t\t\t\t\t\t\t\t<p><span style=\"color: #000000;\"><strong>Etiquetas:<\/strong><\/span><\/p><p><span style=\"color: #000000;\">Etiqueta roja:<\/span><br \/><span style=\"color: #000000;\">&#8211; Calibre: 1.8 mm<\/span><br \/><span style=\"color: #000000;\">&#8211; Garant\u00eda: 1 a\u00f1o<\/span><br \/><span style=\"color: #000000;\">&#8211; Vida \u00fatil: 5 a\u00f1os<\/span><\/p><p><span style=\"color: #000000;\">Etiqueta azul:<\/span><br \/><span style=\"color: #000000;\">&#8211; Calibre: 1.4 mm<\/span><\/p><p><span style=\"color: #000000;\">Etiqueta naranja:<\/span><br \/><span style=\"color: #000000;\">&#8211; Calibre: 1 mm<\/span><\/p><p><span style=\"color: #000000;\"><strong>Caracter\u00edsticas:<\/strong><\/span><\/p><ul><li><span style=\"color: #000000;\">Altura de cresta: 5cm<\/span><\/li><li><span style=\"color: #000000;\">N\u00famero de crestas: 5<\/span><\/li><li><span style=\"color: #000000;\">Espesor: 1,6 mm tolerancia \u00b1 5% &#8211; 1,4 mm tolerancia \u00b1 5% &#8211; 1 mm tolerancia \u00b1 5%<\/span><\/li><li><span style=\"color: #000000;\">Temperatura m\u00e1xima: 50 Grados<\/span><\/li><li><span style=\"color: #000000;\">Voladizo m\u00e1ximo: 15 cms<\/span><\/li><li><span style=\"color: #000000;\">Colores: Cristal, verde y blanco<\/span><\/li><\/ul><p><span style=\"color: #000000;\">Con un dise\u00f1o \u00fanico, la teja pl\u00e1stica P7 presenta una apariencia elegante y moderna, a\u00f1adiendo un toque contempor\u00e1neo a cualquier estructura. Su construcci\u00f3n ligera facilita la instalaci\u00f3n, lo que la convierte en una elecci\u00f3n pr\u00e1ctica y eficiente para proyectos de construcci\u00f3n y renovaci\u00f3n.<\/span><\/p><p><span style=\"color: #000000;\">Adem\u00e1s de su resistencia a la intemperie, la teja pl\u00e1stica P7 es conocida por su bajo mantenimiento, lo que la convierte en una soluci\u00f3n rentable a largo plazo. Su capacidad para resistir los rayos UV y las condiciones ambientales adversas la hace ideal para diversas aplicaciones, desde residenciales hasta comerciales.<\/span><\/p><p><span style=\"color: #000000;\">Optar por la teja pl\u00e1stica P7 no solo es una decisi\u00f3n funcional, sino tambi\u00e9n est\u00e9tica, ya que su dise\u00f1o contempor\u00e1neo se adapta armoniosamente a diferentes estilos arquitect\u00f3nicos. Disfruta de una cubierta duradera y atractiva con la teja pl\u00e1stica P7, la elecci\u00f3n perfecta para aquellos que buscan calidad y estilo en un solo producto.<\/span><\/p>\t\t\t\t\t\t\t\t<\/div>\n\t\t\t\t<\/div>\n\t\t\t\t\t<\/div>\n\t\t\t\t<\/div>\n\t\t<div class=\"elementor-element elementor-element-74d0cc0 e-flex e-con-boxed e-con e-parent\" data-id=\"74d0cc0\" data-element_type=\"container\" data-e-type=\"container\">\n\t\t\t\t\t<div class=\"e-con-inner\">\n\t\t\t\t<div class=\"elementor-element elementor-element-37464a6 elementor-widget__width-initial elementor-invisible elementor-widget elementor-widget-wp-widget-woocommerce_products\" data-id=\"37464a6\" data-element_type=\"widget\" data-e-type=\"widget\" data-settings=\"{&quot;_animation&quot;:&quot;fadeInRight&quot;}\" data-widget_type=\"wp-widget-woocommerce_products.default\">\n\t\t\t\t<div class=\"elementor-widget-container\">\n\t\t\t\t\t<h5>Otros Productos<\/h5><ul class=\"product_list_widget\"><li>\n\t\n\t\t<a class=\"ct-media-container\" href=\"https:\/\/tejascristal.com.co\/index.php\/producto\/teja-upvc-termo-acustica\/\"><img loading=\"lazy\" decoding=\"async\" width=\"100\" height=\"100\" src=\"https:\/\/tejascristal.com.co\/wp-content\/uploads\/2025\/10\/upvc-azul-1-1-100x100.jpg\" loading=\"lazy\" srcset=\"https:\/\/tejascristal.com.co\/wp-content\/uploads\/2025\/10\/upvc-azul-1-1-100x100.jpg 100w, https:\/\/tejascristal.com.co\/wp-content\/uploads\/2025\/10\/upvc-azul-1-1-300x300.jpg 300w, https:\/\/tejascristal.com.co\/wp-content\/uploads\/2025\/10\/upvc-azul-1-1-600x600.jpg 600w\" sizes=\"auto, (max-width: 100px) 100vw, 100px\" itemprop=\"image\" class=\" wp-post-image\" style=\"aspect-ratio: 1\/1;\" title=\"upvc azul\" alt=\"TEJA UPVC CRESTA ALTA\" \/><\/a>\n\t\t<div class=\"product-data\">\n\t\t\t<a href=\"https:\/\/tejascristal.com.co\/index.php\/producto\/teja-upvc-termo-acustica\/\" class=\"product-title\">\n\t\t\t\tTEJA UPVC CRESTA ALTA\t\t\t<\/a>\n\n\t\t\t\t\t\t\t<div class=\"star-rating\" role=\"img\" aria-label=\"Valorado con 5.00 de 5\"><span style=\"width:100%\">Valorado con <strong class=\"rating\">5.00<\/strong> de 5<\/span><\/div>\t\t\t\n\t\t\t<span class=\"price\">\n\t\t\t\t<span class=\"woocommerce-Price-amount amount\" aria-hidden=\"true\"><bdi><span class=\"woocommerce-Price-currencySymbol\">&#36;<\/span>&nbsp;400.000<\/bdi><\/span> <span aria-hidden=\"true\">-<\/span> <span class=\"woocommerce-Price-amount amount\" aria-hidden=\"true\"><bdi><span class=\"woocommerce-Price-currencySymbol\">&#36;<\/span>&nbsp;440.000<\/bdi><\/span><span class=\"screen-reader-text\">Rango de precios: desde &#36;&nbsp;400.000 hasta &#36;&nbsp;440.000<\/span>\t\t\t<\/span>\n\t\t<\/div>\n\n\t<\/li>\n<li>\n\t\n\t\t<a class=\"ct-media-container\" href=\"https:\/\/tejascristal.com.co\/index.php\/producto\/__trashed\/\"><img loading=\"lazy\" decoding=\"async\" width=\"100\" height=\"100\" src=\"https:\/\/tejascristal.com.co\/wp-content\/uploads\/2023\/12\/Imagen-de-WhatsApp-2024-05-14-a-las-11.07.30_0956ca2b-100x100.jpg\" loading=\"lazy\" srcset=\"https:\/\/tejascristal.com.co\/wp-content\/uploads\/2023\/12\/Imagen-de-WhatsApp-2024-05-14-a-las-11.07.30_0956ca2b-100x100.jpg 100w, https:\/\/tejascristal.com.co\/wp-content\/uploads\/2023\/12\/Imagen-de-WhatsApp-2024-05-14-a-las-11.07.30_0956ca2b-300x300.jpg 300w, https:\/\/tejascristal.com.co\/wp-content\/uploads\/2023\/12\/Imagen-de-WhatsApp-2024-05-14-a-las-11.07.30_0956ca2b-600x600.jpg 600w\" sizes=\"auto, (max-width: 100px) 100vw, 100px\" itemprop=\"image\" class=\" wp-post-image\" style=\"aspect-ratio: 1\/1;\" title=\"Imagen de WhatsApp 2024-05-14 a las 11.07.30_0956ca2b\" alt=\"TEJA ARQUITECT\u00d3NICA GALVANIZADA \u2013 8 CRESTAS\" \/><\/a>\n\t\t<div class=\"product-data\">\n\t\t\t<a href=\"https:\/\/tejascristal.com.co\/index.php\/producto\/__trashed\/\" class=\"product-title\">\n\t\t\t\tTEJA ARQUITECT\u00d3NICA GALVANIZADA \u2013 8 CRESTAS\t\t\t<\/a>\n\n\t\t\t\t\t\t\t\t\t\t\n\t\t\t<span class=\"price\">\n\t\t\t\t<span class=\"woocommerce-Price-amount amount\" aria-hidden=\"true\"><bdi><span class=\"woocommerce-Price-currencySymbol\">&#36;<\/span>&nbsp;19.000<\/bdi><\/span> <span aria-hidden=\"true\">-<\/span> <span class=\"woocommerce-Price-amount amount\" aria-hidden=\"true\"><bdi><span class=\"woocommerce-Price-currencySymbol\">&#36;<\/span>&nbsp;287.000<\/bdi><\/span><span class=\"screen-reader-text\">Rango de precios: desde &#36;&nbsp;19.000 hasta &#36;&nbsp;287.000<\/span>\t\t\t<\/span>\n\t\t<\/div>\n\n\t<\/li>\n<li>\n\t\n\t\t<a class=\"ct-media-container\" href=\"https:\/\/tejascristal.com.co\/index.php\/producto\/laminatexturizadagalvanizada\/\"><img loading=\"lazy\" decoding=\"async\" width=\"100\" height=\"100\" src=\"https:\/\/tejascristal.com.co\/wp-content\/uploads\/2025\/11\/Lamina-texturizada-galvanizada-terracota--100x100.png\" loading=\"lazy\" srcset=\"https:\/\/tejascristal.com.co\/wp-content\/uploads\/2025\/11\/Lamina-texturizada-galvanizada-terracota--100x100.png 100w, https:\/\/tejascristal.com.co\/wp-content\/uploads\/2025\/11\/Lamina-texturizada-galvanizada-terracota--300x300.png 300w, https:\/\/tejascristal.com.co\/wp-content\/uploads\/2025\/11\/Lamina-texturizada-galvanizada-terracota--600x600.png 600w\" sizes=\"auto, (max-width: 100px) 100vw, 100px\" itemprop=\"image\" class=\" wp-post-image\" style=\"aspect-ratio: 1\/1;\" title=\"Lamina texturizada galvanizada terracota\" alt=\"L\u00e1mina Texturizada Galvanizada\" \/><\/a>\n\t\t<div class=\"product-data\">\n\t\t\t<a href=\"https:\/\/tejascristal.com.co\/index.php\/producto\/laminatexturizadagalvanizada\/\" class=\"product-title\">\n\t\t\t\tL\u00e1mina Texturizada Galvanizada\t\t\t<\/a>\n\n\t\t\t\t\t\t\t\t\t\t\n\t\t\t<span class=\"price\">\n\t\t\t\t<span class=\"woocommerce-Price-amount amount\" aria-hidden=\"true\"><bdi><span class=\"woocommerce-Price-currencySymbol\">&#36;<\/span>&nbsp;32.000<\/bdi><\/span> <span aria-hidden=\"true\">-<\/span> <span class=\"woocommerce-Price-amount amount\" aria-hidden=\"true\"><bdi><span class=\"woocommerce-Price-currencySymbol\">&#36;<\/span>&nbsp;224.000<\/bdi><\/span><span class=\"screen-reader-text\">Rango de precios: desde &#36;&nbsp;32.000 hasta &#36;&nbsp;224.000<\/span>\t\t\t<\/span>\n\t\t<\/div>\n\n\t<\/li>\n<li>\n\t\n\t\t<a class=\"ct-media-container\" href=\"https:\/\/tejascristal.com.co\/index.php\/producto\/teja-upvc-termoacutica-colonial\/\"><img loading=\"lazy\" decoding=\"async\" width=\"100\" height=\"100\" src=\"https:\/\/tejascristal.com.co\/wp-content\/uploads\/2025\/10\/WhatsApp-Image-2025-10-14-at-1.41.19-PM-100x100.png\" loading=\"lazy\" srcset=\"https:\/\/tejascristal.com.co\/wp-content\/uploads\/2025\/10\/WhatsApp-Image-2025-10-14-at-1.41.19-PM-100x100.png 100w, https:\/\/tejascristal.com.co\/wp-content\/uploads\/2025\/10\/WhatsApp-Image-2025-10-14-at-1.41.19-PM-300x300.png 300w, https:\/\/tejascristal.com.co\/wp-content\/uploads\/2025\/10\/WhatsApp-Image-2025-10-14-at-1.41.19-PM-600x600.png 600w\" sizes=\"auto, (max-width: 100px) 100vw, 100px\" itemprop=\"image\" class=\" wp-post-image\" style=\"aspect-ratio: 1\/1;\" title=\"WhatsApp Image 2025-10-14 at 1.41.19 PM\" alt=\"Teja UPVC Termoac\u00fatica Colonial\" \/><\/a>\n\t\t<div class=\"product-data\">\n\t\t\t<a href=\"https:\/\/tejascristal.com.co\/index.php\/producto\/teja-upvc-termoacutica-colonial\/\" class=\"product-title\">\n\t\t\t\tTeja UPVC Termoac\u00fatica Colonial\t\t\t<\/a>\n\n\t\t\t\t\t\t\t\t\t\t\n\t\t\t<span class=\"price\">\n\t\t\t\t<span class=\"woocommerce-Price-amount amount\"><bdi><span class=\"woocommerce-Price-currencySymbol\">&#36;<\/span>&nbsp;460.000<\/bdi><\/span>\t\t\t<\/span>\n\t\t<\/div>\n\n\t<\/li>\n<li>\n\t\n\t\t<a class=\"ct-media-container\" href=\"https:\/\/tejascristal.com.co\/index.php\/producto\/teja-alveolar-antigranizo\/\"><img loading=\"lazy\" decoding=\"async\" width=\"100\" height=\"100\" src=\"https:\/\/tejascristal.com.co\/wp-content\/uploads\/2025\/10\/Adobe-Express-file-6-100x100.png\" loading=\"lazy\" srcset=\"https:\/\/tejascristal.com.co\/wp-content\/uploads\/2025\/10\/Adobe-Express-file-6-100x100.png 100w, https:\/\/tejascristal.com.co\/wp-content\/uploads\/2025\/10\/Adobe-Express-file-6-300x300.png 300w, https:\/\/tejascristal.com.co\/wp-content\/uploads\/2025\/10\/Adobe-Express-file-6-600x600.png 600w\" sizes=\"auto, (max-width: 100px) 100vw, 100px\" itemprop=\"image\" class=\" wp-post-image\" style=\"aspect-ratio: 1\/1;\" title=\"Adobe Express - file (6)\" alt=\"Teja Alveolar Antigranizo\" \/><\/a>\n\t\t<div class=\"product-data\">\n\t\t\t<a href=\"https:\/\/tejascristal.com.co\/index.php\/producto\/teja-alveolar-antigranizo\/\" class=\"product-title\">\n\t\t\t\tTeja Alveolar Antigranizo\t\t\t<\/a>\n\n\t\t\t\t\t\t\t\t\t\t\n\t\t\t<span class=\"price\">\n\t\t\t\t<span class=\"woocommerce-Price-amount amount\" aria-hidden=\"true\"><bdi><span class=\"woocommerce-Price-currencySymbol\">&#36;<\/span>&nbsp;44.000<\/bdi><\/span> <span aria-hidden=\"true\">-<\/span> <span class=\"woocommerce-Price-amount amount\" aria-hidden=\"true\"><bdi><span class=\"woocommerce-Price-currencySymbol\">&#36;<\/span>&nbsp;132.000<\/bdi><\/span><span class=\"screen-reader-text\">Rango de precios: desde &#36;&nbsp;44.000 hasta &#36;&nbsp;132.000<\/span>\t\t\t<\/span>\n\t\t<\/div>\n\n\t<\/li>\n<li>\n\t\n\t\t<a class=\"ct-media-container\" href=\"https:\/\/tejascristal.com.co\/index.php\/producto\/teja-plastica-p7\/\"><img loading=\"lazy\" decoding=\"async\" width=\"100\" height=\"100\" src=\"https:\/\/tejascristal.com.co\/wp-content\/uploads\/2023\/12\/TEJAS-2-1-100x100.jpg\" loading=\"lazy\" srcset=\"https:\/\/tejascristal.com.co\/wp-content\/uploads\/2023\/12\/TEJAS-2-1-100x100.jpg 100w, https:\/\/tejascristal.com.co\/wp-content\/uploads\/2023\/12\/TEJAS-2-1-300x300.jpg 300w, https:\/\/tejascristal.com.co\/wp-content\/uploads\/2023\/12\/TEJAS-2-1-600x600.jpg 600w\" sizes=\"auto, (max-width: 100px) 100vw, 100px\" itemprop=\"image\" class=\" wp-post-image\" style=\"aspect-ratio: 1\/1;\" title=\"TEJAS 2 (1)\" alt=\"Teja pl\u00e1stica P7\" \/><\/a>\n\t\t<div class=\"product-data\">\n\t\t\t<a href=\"https:\/\/tejascristal.com.co\/index.php\/producto\/teja-plastica-p7\/\" class=\"product-title\">\n\t\t\t\tTeja pl\u00e1stica P7\t\t\t<\/a>\n\n\t\t\t\t\t\t\t<div class=\"star-rating\" role=\"img\" aria-label=\"Valorado con 5.00 de 5\"><span style=\"width:100%\">Valorado con <strong class=\"rating\">5.00<\/strong> de 5<\/span><\/div>\t\t\t\n\t\t\t<span class=\"price\">\n\t\t\t\t<span class=\"woocommerce-Price-amount amount\" aria-hidden=\"true\"><bdi><span class=\"woocommerce-Price-currencySymbol\">&#36;<\/span>&nbsp;28.000<\/bdi><\/span> <span aria-hidden=\"true\">-<\/span> <span class=\"woocommerce-Price-amount amount\" aria-hidden=\"true\"><bdi><span class=\"woocommerce-Price-currencySymbol\">&#36;<\/span>&nbsp;84.000<\/bdi><\/span><span class=\"screen-reader-text\">Rango de precios: desde &#36;&nbsp;28.000 hasta &#36;&nbsp;84.000<\/span>\t\t\t<\/span>\n\t\t<\/div>\n\n\t<\/li>\n<li>\n\t\n\t\t<a class=\"ct-media-container\" href=\"https:\/\/tejascristal.com.co\/index.php\/producto\/teja-plastica-p10\/\"><img loading=\"lazy\" decoding=\"async\" width=\"100\" height=\"100\" src=\"https:\/\/tejascristal.com.co\/wp-content\/uploads\/2023\/12\/TEJAS-1-2-100x100.jpg\" loading=\"lazy\" srcset=\"https:\/\/tejascristal.com.co\/wp-content\/uploads\/2023\/12\/TEJAS-1-2-100x100.jpg 100w, https:\/\/tejascristal.com.co\/wp-content\/uploads\/2023\/12\/TEJAS-1-2-300x300.jpg 300w, https:\/\/tejascristal.com.co\/wp-content\/uploads\/2023\/12\/TEJAS-1-2-600x600.jpg 600w\" sizes=\"auto, (max-width: 100px) 100vw, 100px\" itemprop=\"image\" class=\" wp-post-image\" style=\"aspect-ratio: 1\/1;\" title=\"TEJAS 1 (2)\" alt=\"Teja pl\u00e1stica P10\" \/><\/a>\n\t\t<div class=\"product-data\">\n\t\t\t<a href=\"https:\/\/tejascristal.com.co\/index.php\/producto\/teja-plastica-p10\/\" class=\"product-title\">\n\t\t\t\tTeja pl\u00e1stica P10\t\t\t<\/a>\n\n\t\t\t\t\t\t\t<div class=\"star-rating\" role=\"img\" aria-label=\"Valorado con 5.00 de 5\"><span style=\"width:100%\">Valorado con <strong class=\"rating\">5.00<\/strong> de 5<\/span><\/div>\t\t\t\n\t\t\t<span class=\"price\">\n\t\t\t\t<span class=\"woocommerce-Price-amount amount\" aria-hidden=\"true\"><bdi><span class=\"woocommerce-Price-currencySymbol\">&#36;<\/span>&nbsp;28.000<\/bdi><\/span> <span aria-hidden=\"true\">-<\/span> <span class=\"woocommerce-Price-amount amount\" aria-hidden=\"true\"><bdi><span class=\"woocommerce-Price-currencySymbol\">&#36;<\/span>&nbsp;84.000<\/bdi><\/span><span class=\"screen-reader-text\">Rango de precios: desde &#36;&nbsp;28.000 hasta &#36;&nbsp;84.000<\/span>\t\t\t<\/span>\n\t\t<\/div>\n\n\t<\/li>\n<li>\n\t\n\t\t<a class=\"ct-media-container\" href=\"https:\/\/tejascristal.com.co\/index.php\/producto\/teja-plastica-arquitectonica\/\"><img loading=\"lazy\" decoding=\"async\" width=\"100\" height=\"100\" src=\"https:\/\/tejascristal.com.co\/wp-content\/uploads\/2023\/12\/TEJAS-2-2-100x100.jpg\" loading=\"lazy\" srcset=\"https:\/\/tejascristal.com.co\/wp-content\/uploads\/2023\/12\/TEJAS-2-2-100x100.jpg 100w, https:\/\/tejascristal.com.co\/wp-content\/uploads\/2023\/12\/TEJAS-2-2-300x300.jpg 300w, https:\/\/tejascristal.com.co\/wp-content\/uploads\/2023\/12\/TEJAS-2-2-600x600.jpg 600w\" sizes=\"auto, (max-width: 100px) 100vw, 100px\" itemprop=\"image\" class=\" wp-post-image\" style=\"aspect-ratio: 1\/1;\" title=\"TEJAS 2 (2)\" alt=\"Teja pl\u00e1stica arquitect\u00f3nica\" \/><\/a>\n\t\t<div class=\"product-data\">\n\t\t\t<a href=\"https:\/\/tejascristal.com.co\/index.php\/producto\/teja-plastica-arquitectonica\/\" class=\"product-title\">\n\t\t\t\tTeja pl\u00e1stica arquitect\u00f3nica\t\t\t<\/a>\n\n\t\t\t\t\t\t\t<div class=\"star-rating\" role=\"img\" aria-label=\"Valorado con 5.00 de 5\"><span style=\"width:100%\">Valorado con <strong class=\"rating\">5.00<\/strong> de 5<\/span><\/div>\t\t\t\n\t\t\t<span class=\"price\">\n\t\t\t\t<span class=\"woocommerce-Price-amount amount\" aria-hidden=\"true\"><bdi><span class=\"woocommerce-Price-currencySymbol\">&#36;<\/span>&nbsp;28.000<\/bdi><\/span> <span aria-hidden=\"true\">-<\/span> <span class=\"woocommerce-Price-amount amount\" aria-hidden=\"true\"><bdi><span class=\"woocommerce-Price-currencySymbol\">&#36;<\/span>&nbsp;84.000<\/bdi><\/span><span class=\"screen-reader-text\">Rango de precios: desde &#36;&nbsp;28.000 hasta &#36;&nbsp;84.000<\/span>\t\t\t<\/span>\n\t\t<\/div>\n\n\t<\/li>\n<li>\n\t\n\t\t<a class=\"ct-media-container\" href=\"https:\/\/tejascristal.com.co\/index.php\/producto\/teja-fibra-de-vidrio-vitro-para-teja-upvc\/\"><img loading=\"lazy\" decoding=\"async\" width=\"100\" height=\"100\" src=\"https:\/\/tejascristal.com.co\/wp-content\/uploads\/2025\/11\/ChatGPT-Image-15-nov-2025-09_01_14-a.m-100x100.png\" loading=\"lazy\" srcset=\"https:\/\/tejascristal.com.co\/wp-content\/uploads\/2025\/11\/ChatGPT-Image-15-nov-2025-09_01_14-a.m-100x100.png 100w, https:\/\/tejascristal.com.co\/wp-content\/uploads\/2025\/11\/ChatGPT-Image-15-nov-2025-09_01_14-a.m-300x300.png 300w, https:\/\/tejascristal.com.co\/wp-content\/uploads\/2025\/11\/ChatGPT-Image-15-nov-2025-09_01_14-a.m-600x600.png 600w\" sizes=\"auto, (max-width: 100px) 100vw, 100px\" itemprop=\"image\" class=\" wp-post-image\" style=\"aspect-ratio: 1\/1;\" title=\"ChatGPT Image 15 nov 2025, 09_01_14 a.m.\" alt=\"Teja Fibra de Vidrio Vitro para Teja UPVC\" \/><\/a>\n\t\t<div class=\"product-data\">\n\t\t\t<a href=\"https:\/\/tejascristal.com.co\/index.php\/producto\/teja-fibra-de-vidrio-vitro-para-teja-upvc\/\" class=\"product-title\">\n\t\t\t\tTeja Fibra de Vidrio Vitro para Teja UPVC\t\t\t<\/a>\n\n\t\t\t\t\t\t\t\t\t\t\n\t\t\t<span class=\"price\">\n\t\t\t\t<span class=\"woocommerce-Price-amount amount\" aria-hidden=\"true\"><bdi><span class=\"woocommerce-Price-currencySymbol\">&#36;<\/span>&nbsp;180.000<\/bdi><\/span> <span aria-hidden=\"true\">-<\/span> <span class=\"woocommerce-Price-amount amount\" aria-hidden=\"true\"><bdi><span class=\"woocommerce-Price-currencySymbol\">&#36;<\/span>&nbsp;720.000<\/bdi><\/span><span class=\"screen-reader-text\">Rango de precios: desde &#36;&nbsp;180.000 hasta &#36;&nbsp;720.000<\/span>\t\t\t<\/span>\n\t\t<\/div>\n\n\t<\/li>\n<li>\n\t\n\t\t<a class=\"ct-media-container\" href=\"https:\/\/tejascristal.com.co\/index.php\/producto\/teja-fibra-de-vidrio-p1000\/\"><img loading=\"lazy\" decoding=\"async\" width=\"100\" height=\"100\" src=\"https:\/\/tejascristal.com.co\/wp-content\/uploads\/2025\/11\/ChatGPT-Image-15-nov-2025-07_19_06-a.m-100x100.png\" loading=\"lazy\" srcset=\"https:\/\/tejascristal.com.co\/wp-content\/uploads\/2025\/11\/ChatGPT-Image-15-nov-2025-07_19_06-a.m-100x100.png 100w, https:\/\/tejascristal.com.co\/wp-content\/uploads\/2025\/11\/ChatGPT-Image-15-nov-2025-07_19_06-a.m-300x300.png 300w, https:\/\/tejascristal.com.co\/wp-content\/uploads\/2025\/11\/ChatGPT-Image-15-nov-2025-07_19_06-a.m-600x600.png 600w\" sizes=\"auto, (max-width: 100px) 100vw, 100px\" itemprop=\"image\" class=\" wp-post-image\" style=\"aspect-ratio: 1\/1;\" title=\"ChatGPT Image 15 nov 2025, 07_19_06 a.m.\" alt=\"Teja Fibra de Vidrio P1000\" \/><\/a>\n\t\t<div class=\"product-data\">\n\t\t\t<a href=\"https:\/\/tejascristal.com.co\/index.php\/producto\/teja-fibra-de-vidrio-p1000\/\" class=\"product-title\">\n\t\t\t\tTeja Fibra de Vidrio P1000\t\t\t<\/a>\n\n\t\t\t\t\t\t\t\t\t\t\n\t\t\t<span class=\"price\">\n\t\t\t\t<span class=\"woocommerce-Price-amount amount\" aria-hidden=\"true\"><bdi><span class=\"woocommerce-Price-currencySymbol\">&#36;<\/span>&nbsp;100.000<\/bdi><\/span> <span aria-hidden=\"true\">-<\/span> <span class=\"woocommerce-Price-amount amount\" aria-hidden=\"true\"><bdi><span class=\"woocommerce-Price-currencySymbol\">&#36;<\/span>&nbsp;300.000<\/bdi><\/span><span class=\"screen-reader-text\">Rango de precios: desde &#36;&nbsp;100.000 hasta &#36;&nbsp;300.000<\/span>\t\t\t<\/span>\n\t\t<\/div>\n\n\t<\/li>\n<li>\n\t\n\t\t<a class=\"ct-media-container\" href=\"https:\/\/tejascristal.com.co\/index.php\/producto\/teja-fibra-de-vidrio-arquitectonica-vitro\/\"><img loading=\"lazy\" decoding=\"async\" width=\"100\" height=\"100\" src=\"https:\/\/tejascristal.com.co\/wp-content\/uploads\/2025\/11\/fibra-de-vidrio-vitro-arquitectonica-2--100x100.png\" loading=\"lazy\" srcset=\"https:\/\/tejascristal.com.co\/wp-content\/uploads\/2025\/11\/fibra-de-vidrio-vitro-arquitectonica-2--100x100.png 100w, https:\/\/tejascristal.com.co\/wp-content\/uploads\/2025\/11\/fibra-de-vidrio-vitro-arquitectonica-2--300x300.png 300w, https:\/\/tejascristal.com.co\/wp-content\/uploads\/2025\/11\/fibra-de-vidrio-vitro-arquitectonica-2--600x600.png 600w\" sizes=\"auto, (max-width: 100px) 100vw, 100px\" itemprop=\"image\" class=\" wp-post-image\" style=\"aspect-ratio: 1\/1;\" title=\"fibra de vidrio vitro arquitectonica 2\" alt=\"Teja Fibra de Vidrio Arquitect\u00f3nica Vitro\" \/><\/a>\n\t\t<div class=\"product-data\">\n\t\t\t<a href=\"https:\/\/tejascristal.com.co\/index.php\/producto\/teja-fibra-de-vidrio-arquitectonica-vitro\/\" class=\"product-title\">\n\t\t\t\tTeja Fibra de Vidrio Arquitect\u00f3nica Vitro\t\t\t<\/a>\n\n\t\t\t\t\t\t\t\t\t\t\n\t\t\t<span class=\"price\">\n\t\t\t\t<span class=\"woocommerce-Price-amount amount\" aria-hidden=\"true\"><bdi><span class=\"woocommerce-Price-currencySymbol\">&#36;<\/span>&nbsp;165.000<\/bdi><\/span> <span aria-hidden=\"true\">-<\/span> <span class=\"woocommerce-Price-amount amount\" aria-hidden=\"true\"><bdi><span class=\"woocommerce-Price-currencySymbol\">&#36;<\/span>&nbsp;385.000<\/bdi><\/span><span class=\"screen-reader-text\">Rango de precios: desde &#36;&nbsp;165.000 hasta &#36;&nbsp;385.000<\/span>\t\t\t<\/span>\n\t\t<\/div>\n\n\t<\/li>\n<li>\n\t\n\t\t<a class=\"ct-media-container\" href=\"https:\/\/tejascristal.com.co\/index.php\/producto\/teja-residencial-tricapa\/\"><img loading=\"lazy\" decoding=\"async\" width=\"100\" height=\"100\" src=\"https:\/\/tejascristal.com.co\/wp-content\/uploads\/2025\/11\/ChatGPT-Image-3-nov-2025-17_34_39-100x100.png\" loading=\"lazy\" srcset=\"https:\/\/tejascristal.com.co\/wp-content\/uploads\/2025\/11\/ChatGPT-Image-3-nov-2025-17_34_39-100x100.png 100w, https:\/\/tejascristal.com.co\/wp-content\/uploads\/2025\/11\/ChatGPT-Image-3-nov-2025-17_34_39-300x300.png 300w, https:\/\/tejascristal.com.co\/wp-content\/uploads\/2025\/11\/ChatGPT-Image-3-nov-2025-17_34_39-600x600.png 600w\" sizes=\"auto, (max-width: 100px) 100vw, 100px\" itemprop=\"image\" class=\" wp-post-image\" style=\"aspect-ratio: 1\/1;\" title=\"ChatGPT Image 3 nov 2025, 17_34_39\" alt=\"Teja Residencial Tricapa\" \/><\/a>\n\t\t<div class=\"product-data\">\n\t\t\t<a href=\"https:\/\/tejascristal.com.co\/index.php\/producto\/teja-residencial-tricapa\/\" class=\"product-title\">\n\t\t\t\tTeja Residencial Tricapa\t\t\t<\/a>\n\n\t\t\t\t\t\t\t\t\t\t\n\t\t\t<span class=\"price\">\n\t\t\t\t<span class=\"woocommerce-Price-amount amount\" aria-hidden=\"true\"><bdi><span class=\"woocommerce-Price-currencySymbol\">&#36;<\/span>&nbsp;38.000<\/bdi><\/span> <span aria-hidden=\"true\">-<\/span> <span class=\"woocommerce-Price-amount amount\" aria-hidden=\"true\"><bdi><span class=\"woocommerce-Price-currencySymbol\">&#36;<\/span>&nbsp;114.000<\/bdi><\/span><span class=\"screen-reader-text\">Rango de precios: desde &#36;&nbsp;38.000 hasta &#36;&nbsp;114.000<\/span>\t\t\t<\/span>\n\t\t<\/div>\n\n\t<\/li>\n<li>\n\t\n\t\t<a class=\"ct-media-container\" href=\"https:\/\/tejascristal.com.co\/index.php\/producto\/teja-translucida-pvc\/\"><img loading=\"lazy\" decoding=\"async\" width=\"100\" height=\"100\" src=\"https:\/\/tejascristal.com.co\/wp-content\/uploads\/2025\/11\/Teja-Traslucida-de-PVC-100x100.png\" loading=\"lazy\" srcset=\"https:\/\/tejascristal.com.co\/wp-content\/uploads\/2025\/11\/Teja-Traslucida-de-PVC-100x100.png 100w, https:\/\/tejascristal.com.co\/wp-content\/uploads\/2025\/11\/Teja-Traslucida-de-PVC-300x300.png 300w, https:\/\/tejascristal.com.co\/wp-content\/uploads\/2025\/11\/Teja-Traslucida-de-PVC-600x600.png 600w\" sizes=\"auto, (max-width: 100px) 100vw, 100px\" itemprop=\"image\" class=\" wp-post-image\" style=\"aspect-ratio: 1\/1;\" title=\"Teja Traslucida de PVC.\" alt=\"Teja Transl\u00facida PVC\" \/><\/a>\n\t\t<div class=\"product-data\">\n\t\t\t<a href=\"https:\/\/tejascristal.com.co\/index.php\/producto\/teja-translucida-pvc\/\" class=\"product-title\">\n\t\t\t\tTeja Transl\u00facida PVC\t\t\t<\/a>\n\n\t\t\t\t\t\t\t\t\t\t\n\t\t\t<span class=\"price\">\n\t\t\t\t<span class=\"woocommerce-Price-amount amount\" aria-hidden=\"true\"><bdi><span class=\"woocommerce-Price-currencySymbol\">&#36;<\/span>&nbsp;32.800<\/bdi><\/span> <span aria-hidden=\"true\">-<\/span> <span class=\"woocommerce-Price-amount amount\" aria-hidden=\"true\"><bdi><span class=\"woocommerce-Price-currencySymbol\">&#36;<\/span>&nbsp;98.400<\/bdi><\/span><span class=\"screen-reader-text\">Rango de precios: desde &#36;&nbsp;32.800 hasta &#36;&nbsp;98.400<\/span>\t\t\t<\/span>\n\t\t<\/div>\n\n\t<\/li>\n<li>\n\t\n\t\t<a class=\"ct-media-container\" href=\"https:\/\/tejascristal.com.co\/index.php\/producto\/teja-en-policarbonato-p7\/\"><img loading=\"lazy\" decoding=\"async\" width=\"100\" height=\"100\" src=\"https:\/\/tejascristal.com.co\/wp-content\/uploads\/2025\/11\/TEJA-en-Policarbonato-1-100x100.jpg\" loading=\"lazy\" srcset=\"https:\/\/tejascristal.com.co\/wp-content\/uploads\/2025\/11\/TEJA-en-Policarbonato-1-100x100.jpg 100w, https:\/\/tejascristal.com.co\/wp-content\/uploads\/2025\/11\/TEJA-en-Policarbonato-1-300x300.jpg 300w, https:\/\/tejascristal.com.co\/wp-content\/uploads\/2025\/11\/TEJA-en-Policarbonato-1-600x600.jpg 600w\" sizes=\"auto, (max-width: 100px) 100vw, 100px\" itemprop=\"image\" class=\" wp-post-image\" style=\"aspect-ratio: 1\/1;\" title=\"TEJA en Policarbonato\" alt=\"Teja en Policarbonato P7\" \/><\/a>\n\t\t<div class=\"product-data\">\n\t\t\t<a href=\"https:\/\/tejascristal.com.co\/index.php\/producto\/teja-en-policarbonato-p7\/\" class=\"product-title\">\n\t\t\t\tTeja en Policarbonato P7\t\t\t<\/a>\n\n\t\t\t\t\t\t\t\t\t\t\n\t\t\t<span class=\"price\">\n\t\t\t\t<span class=\"woocommerce-Price-amount amount\" aria-hidden=\"true\"><bdi><span class=\"woocommerce-Price-currencySymbol\">&#36;<\/span>&nbsp;8.500<\/bdi><\/span> <span aria-hidden=\"true\">-<\/span> <span class=\"woocommerce-Price-amount amount\" aria-hidden=\"true\"><bdi><span class=\"woocommerce-Price-currencySymbol\">&#36;<\/span>&nbsp;102.000<\/bdi><\/span><span class=\"screen-reader-text\">Rango de precios: desde &#36;&nbsp;8.500 hasta &#36;&nbsp;102.000<\/span>\t\t\t<\/span>\n\t\t<\/div>\n\n\t<\/li>\n<li>\n\t\n\t\t<a class=\"ct-media-container\" href=\"https:\/\/tejascristal.com.co\/index.php\/producto\/teja-trapezoidal-en-policarbonato-de-ocho-crestas\/\"><img loading=\"lazy\" decoding=\"async\" width=\"100\" height=\"100\" src=\"https:\/\/tejascristal.com.co\/wp-content\/uploads\/2025\/10\/ChatGPT-Image-30-oct-2025-08_11_55-100x100.png\" loading=\"lazy\" srcset=\"https:\/\/tejascristal.com.co\/wp-content\/uploads\/2025\/10\/ChatGPT-Image-30-oct-2025-08_11_55-100x100.png 100w, https:\/\/tejascristal.com.co\/wp-content\/uploads\/2025\/10\/ChatGPT-Image-30-oct-2025-08_11_55-300x300.png 300w, https:\/\/tejascristal.com.co\/wp-content\/uploads\/2025\/10\/ChatGPT-Image-30-oct-2025-08_11_55-600x600.png 600w\" sizes=\"auto, (max-width: 100px) 100vw, 100px\" itemprop=\"image\" class=\" wp-post-image\" style=\"aspect-ratio: 1\/1;\" title=\"ChatGPT Image 30 oct 2025, 08_11_55\" alt=\"Teja Trapezoidal en Policarbonato - 8 crestas\" \/><\/a>\n\t\t<div class=\"product-data\">\n\t\t\t<a href=\"https:\/\/tejascristal.com.co\/index.php\/producto\/teja-trapezoidal-en-policarbonato-de-ocho-crestas\/\" class=\"product-title\">\n\t\t\t\tTeja Trapezoidal en Policarbonato - 8 crestas\t\t\t<\/a>\n\n\t\t\t\t\t\t\t\t\t\t\n\t\t\t<span class=\"price\">\n\t\t\t\t<span class=\"woocommerce-Price-amount amount\" aria-hidden=\"true\"><bdi><span class=\"woocommerce-Price-currencySymbol\">&#36;<\/span>&nbsp;105.000<\/bdi><\/span> <span aria-hidden=\"true\">-<\/span> <span class=\"woocommerce-Price-amount amount\" aria-hidden=\"true\"><bdi><span class=\"woocommerce-Price-currencySymbol\">&#36;<\/span>&nbsp;210.000<\/bdi><\/span><span class=\"screen-reader-text\">Rango de precios: desde &#36;&nbsp;105.000 hasta &#36;&nbsp;210.000<\/span>\t\t\t<\/span>\n\t\t<\/div>\n\n\t<\/li>\n<li>\n\t\n\t\t<a class=\"ct-media-container\" href=\"https:\/\/tejascristal.com.co\/index.php\/producto\/teja-galvanizada\/\"><img loading=\"lazy\" decoding=\"async\" width=\"100\" height=\"100\" src=\"https:\/\/tejascristal.com.co\/wp-content\/uploads\/2023\/12\/teja-galvanizada-100x100.png\" loading=\"lazy\" srcset=\"https:\/\/tejascristal.com.co\/wp-content\/uploads\/2023\/12\/teja-galvanizada-100x100.png 100w, https:\/\/tejascristal.com.co\/wp-content\/uploads\/2023\/12\/teja-galvanizada-300x300.png 300w, https:\/\/tejascristal.com.co\/wp-content\/uploads\/2023\/12\/teja-galvanizada-600x600.png 600w\" sizes=\"auto, (max-width: 100px) 100vw, 100px\" itemprop=\"image\" class=\" wp-post-image\" style=\"aspect-ratio: 1\/1;\" title=\"teja galvanizada\" alt=\"Teja galvanizada\" \/><\/a>\n\t\t<div class=\"product-data\">\n\t\t\t<a href=\"https:\/\/tejascristal.com.co\/index.php\/producto\/teja-galvanizada\/\" class=\"product-title\">\n\t\t\t\tTeja galvanizada\t\t\t<\/a>\n\n\t\t\t\t\t\t\t<div class=\"star-rating\" role=\"img\" aria-label=\"Valorado con 5.00 de 5\"><span style=\"width:100%\">Valorado con <strong class=\"rating\">5.00<\/strong> de 5<\/span><\/div>\t\t\t\n\t\t\t<span class=\"price\">\n\t\t\t\t<span class=\"woocommerce-Price-amount amount\" aria-hidden=\"true\"><bdi><span class=\"woocommerce-Price-currencySymbol\">&#36;<\/span>&nbsp;26.000<\/bdi><\/span> <span aria-hidden=\"true\">-<\/span> <span class=\"woocommerce-Price-amount amount\" aria-hidden=\"true\"><bdi><span class=\"woocommerce-Price-currencySymbol\">&#36;<\/span>&nbsp;78.000<\/bdi><\/span><span class=\"screen-reader-text\">Rango de precios: desde &#36;&nbsp;26.000 hasta &#36;&nbsp;78.000<\/span>\t\t\t<\/span>\n\t\t<\/div>\n\n\t<\/li>\n<li>\n\t\n\t\t<a class=\"ct-media-container\" href=\"https:\/\/tejascristal.com.co\/index.php\/producto\/teja-polipropileno\/\"><img loading=\"lazy\" decoding=\"async\" width=\"100\" height=\"100\" src=\"https:\/\/tejascristal.com.co\/wp-content\/uploads\/2023\/12\/poli-100x100.jpeg\" loading=\"lazy\" srcset=\"https:\/\/tejascristal.com.co\/wp-content\/uploads\/2023\/12\/poli-100x100.jpeg 100w, https:\/\/tejascristal.com.co\/wp-content\/uploads\/2023\/12\/poli-300x300.jpeg 300w, https:\/\/tejascristal.com.co\/wp-content\/uploads\/2023\/12\/poli-600x600.jpeg 600w\" sizes=\"auto, (max-width: 100px) 100vw, 100px\" itemprop=\"image\" class=\" wp-post-image\" style=\"aspect-ratio: 1\/1;\" title=\"poli\" alt=\"Teja polipropileno\" \/><\/a>\n\t\t<div class=\"product-data\">\n\t\t\t<a href=\"https:\/\/tejascristal.com.co\/index.php\/producto\/teja-polipropileno\/\" class=\"product-title\">\n\t\t\t\tTeja polipropileno\t\t\t<\/a>\n\n\t\t\t\t\t\t\t<div class=\"star-rating\" role=\"img\" aria-label=\"Valorado con 5.00 de 5\"><span style=\"width:100%\">Valorado con <strong class=\"rating\">5.00<\/strong> de 5<\/span><\/div>\t\t\t\n\t\t\t<span class=\"price\">\n\t\t\t\t<span class=\"woocommerce-Price-amount amount\" aria-hidden=\"true\"><bdi><span class=\"woocommerce-Price-currencySymbol\">&#36;<\/span>&nbsp;27.000<\/bdi><\/span> <span aria-hidden=\"true\">-<\/span> <span class=\"woocommerce-Price-amount amount\" aria-hidden=\"true\"><bdi><span class=\"woocommerce-Price-currencySymbol\">&#36;<\/span>&nbsp;45.000<\/bdi><\/span><span class=\"screen-reader-text\">Rango de precios: desde &#36;&nbsp;27.000 hasta &#36;&nbsp;45.000<\/span>\t\t\t<\/span>\n\t\t<\/div>\n\n\t<\/li>\n<li>\n\t\n\t\t<a class=\"ct-media-container\" href=\"https:\/\/tejascristal.com.co\/index.php\/producto\/lamina-en-policarbonato\/\"><img loading=\"lazy\" decoding=\"async\" width=\"100\" height=\"100\" src=\"https:\/\/tejascristal.com.co\/wp-content\/uploads\/2025\/10\/Sin-titulo-100x100.png\" loading=\"lazy\" srcset=\"https:\/\/tejascristal.com.co\/wp-content\/uploads\/2025\/10\/Sin-titulo-100x100.png 100w, https:\/\/tejascristal.com.co\/wp-content\/uploads\/2025\/10\/Sin-titulo-300x300.png 300w, https:\/\/tejascristal.com.co\/wp-content\/uploads\/2025\/10\/Sin-titulo-600x600.png 600w\" sizes=\"auto, (max-width: 100px) 100vw, 100px\" itemprop=\"image\" class=\" wp-post-image\" style=\"aspect-ratio: 1\/1;\" title=\"Sin t\u00edtulo\" alt=\"L\u00e1mina en Policarbonato\" \/><\/a>\n\t\t<div class=\"product-data\">\n\t\t\t<a href=\"https:\/\/tejascristal.com.co\/index.php\/producto\/lamina-en-policarbonato\/\" class=\"product-title\">\n\t\t\t\tL\u00e1mina en Policarbonato\t\t\t<\/a>\n\n\t\t\t\t\t\t\t\t\t\t\n\t\t\t<span class=\"price\">\n\t\t\t\t<span class=\"woocommerce-Price-amount amount\" aria-hidden=\"true\"><bdi><span class=\"woocommerce-Price-currencySymbol\">&#36;<\/span>&nbsp;650.000<\/bdi><\/span> <span aria-hidden=\"true\">-<\/span> <span class=\"woocommerce-Price-amount amount\" aria-hidden=\"true\"><bdi><span class=\"woocommerce-Price-currencySymbol\">&#36;<\/span>&nbsp;850.000<\/bdi><\/span><span class=\"screen-reader-text\">Rango de precios: desde &#36;&nbsp;650.000 hasta &#36;&nbsp;850.000<\/span>\t\t\t<\/span>\n\t\t<\/div>\n\n\t<\/li>\n<li>\n\t\n\t\t<a class=\"ct-media-container\" href=\"https:\/\/tejascristal.com.co\/index.php\/producto\/lamina-plastica\/\"><img loading=\"lazy\" decoding=\"async\" width=\"100\" height=\"100\" src=\"https:\/\/tejascristal.com.co\/wp-content\/uploads\/2023\/12\/laminas-100x100.png\" loading=\"lazy\" srcset=\"https:\/\/tejascristal.com.co\/wp-content\/uploads\/2023\/12\/laminas-100x100.png 100w, https:\/\/tejascristal.com.co\/wp-content\/uploads\/2023\/12\/laminas-300x300.png 300w, https:\/\/tejascristal.com.co\/wp-content\/uploads\/2023\/12\/laminas-600x600.png 600w\" sizes=\"auto, (max-width: 100px) 100vw, 100px\" itemprop=\"image\" class=\" wp-post-image\" style=\"aspect-ratio: 1\/1;\" title=\"laminas\" alt=\"Lamina pl\u00e1stica\" \/><\/a>\n\t\t<div class=\"product-data\">\n\t\t\t<a href=\"https:\/\/tejascristal.com.co\/index.php\/producto\/lamina-plastica\/\" class=\"product-title\">\n\t\t\t\tLamina pl\u00e1stica\t\t\t<\/a>\n\n\t\t\t\t\t\t\t<div class=\"star-rating\" role=\"img\" aria-label=\"Valorado con 5.00 de 5\"><span style=\"width:100%\">Valorado con <strong class=\"rating\">5.00<\/strong> de 5<\/span><\/div>\t\t\t\n\t\t\t<span class=\"price\">\n\t\t\t\t<span class=\"woocommerce-Price-amount amount\"><bdi><span class=\"woocommerce-Price-currencySymbol\">&#36;<\/span>&nbsp;30.000<\/bdi><\/span>\t\t\t<\/span>\n\t\t<\/div>\n\n\t<\/li>\n<li>\n\t\n\t\t<a class=\"ct-media-container\" href=\"https:\/\/tejascristal.com.co\/index.php\/producto\/caballete-galvanizado\/\"><img loading=\"lazy\" decoding=\"async\" width=\"100\" height=\"100\" src=\"https:\/\/tejascristal.com.co\/wp-content\/uploads\/2025\/11\/WhatsApp-Image-2025-10-14-at-12.39.02-PM-1-100x100.png\" loading=\"lazy\" srcset=\"https:\/\/tejascristal.com.co\/wp-content\/uploads\/2025\/11\/WhatsApp-Image-2025-10-14-at-12.39.02-PM-1-100x100.png 100w, https:\/\/tejascristal.com.co\/wp-content\/uploads\/2025\/11\/WhatsApp-Image-2025-10-14-at-12.39.02-PM-1-300x300.png 300w, https:\/\/tejascristal.com.co\/wp-content\/uploads\/2025\/11\/WhatsApp-Image-2025-10-14-at-12.39.02-PM-1-600x600.png 600w\" sizes=\"auto, (max-width: 100px) 100vw, 100px\" itemprop=\"image\" class=\" wp-post-image\" style=\"aspect-ratio: 1\/1;\" title=\"WhatsApp Image 2025-10-14 at 12.39.02 PM (1)\" alt=\"Caballete Galvanizado\" \/><\/a>\n\t\t<div class=\"product-data\">\n\t\t\t<a href=\"https:\/\/tejascristal.com.co\/index.php\/producto\/caballete-galvanizado\/\" class=\"product-title\">\n\t\t\t\tCaballete Galvanizado\t\t\t<\/a>\n\n\t\t\t\t\t\t\t\t\t\t\n\t\t\t<span class=\"price\">\n\t\t\t\t<span class=\"woocommerce-Price-amount amount\" aria-hidden=\"true\"><bdi><span class=\"woocommerce-Price-currencySymbol\">&#36;<\/span>&nbsp;26.000<\/bdi><\/span> <span aria-hidden=\"true\">-<\/span> <span class=\"woocommerce-Price-amount amount\" aria-hidden=\"true\"><bdi><span class=\"woocommerce-Price-currencySymbol\">&#36;<\/span>&nbsp;39.000<\/bdi><\/span><span class=\"screen-reader-text\">Rango de precios: desde &#36;&nbsp;26.000 hasta &#36;&nbsp;39.000<\/span>\t\t\t<\/span>\n\t\t<\/div>\n\n\t<\/li>\n<\/ul>\t\t\t\t<\/div>\n\t\t\t\t<\/div>\n\t\t\t\t\t<\/div>\n\t\t\t\t<\/div>\n\t\t\t\t<\/div>\n\t\t","protected":false},"excerpt":{"rendered":"<p>La teja pl\u00e1stica P7 es una opci\u00f3n innovadora y duradera para cubiertas que combina a la perfecci\u00f3n funcionalidad y est\u00e9tica. Fabricada con materiales pl\u00e1sticos de alta calidad, la P7 ofrece una resistencia excepcional a las inclemencias del tiempo, asegurando una protecci\u00f3n duradera para tu espacio.<\/p>\n","protected":false},"featured_media":3165,"comment_status":"open","ping_status":"closed","template":"","meta":[],"product_brand":[],"product_cat":[25],"product_tag":[],"class_list":{"0":"post-571","1":"product","2":"type-product","3":"status-publish","4":"has-post-thumbnail","6":"product_cat-p7-tejas-plasticas","8":"first","9":"instock","10":"shipping-taxable","11":"purchasable","12":"product-type-variable"},"jetpack_sharing_enabled":true,"_links":{"self":[{"href":"https:\/\/tejascristal.com.co\/index.php\/wp-json\/wp\/v2\/product\/571","targetHints":{"allow":["GET"]}}],"collection":[{"href":"https:\/\/tejascristal.com.co\/index.php\/wp-json\/wp\/v2\/product"}],"about":[{"href":"https:\/\/tejascristal.com.co\/index.php\/wp-json\/wp\/v2\/types\/product"}],"replies":[{"embeddable":true,"href":"https:\/\/tejascristal.com.co\/index.php\/wp-json\/wp\/v2\/comments?post=571"}],"version-history":[{"count":13,"href":"https:\/\/tejascristal.com.co\/index.php\/wp-json\/wp\/v2\/product\/571\/revisions"}],"predecessor-version":[{"id":3657,"href":"https:\/\/tejascristal.com.co\/index.php\/wp-json\/wp\/v2\/product\/571\/revisions\/3657"}],"wp:featuredmedia":[{"embeddable":true,"href":"https:\/\/tejascristal.com.co\/index.php\/wp-json\/wp\/v2\/media\/3165"}],"wp:attachment":[{"href":"https:\/\/tejascristal.com.co\/index.php\/wp-json\/wp\/v2\/media?parent=571"}],"wp:term":[{"taxonomy":"product_brand","embeddable":true,"href":"https:\/\/tejascristal.com.co\/index.php\/wp-json\/wp\/v2\/product_brand?post=571"},{"taxonomy":"product_cat","embeddable":true,"href":"https:\/\/tejascristal.com.co\/index.php\/wp-json\/wp\/v2\/product_cat?post=571"},{"taxonomy":"product_tag","embeddable":true,"href":"https:\/\/tejascristal.com.co\/index.php\/wp-json\/wp\/v2\/product_tag?post=571"}],"curies":[{"name":"wp","href":"https:\/\/api.w.org\/{rel}","templated":true}]}}